{"id":3919,"date":"2016-09-14T12:59:20","date_gmt":"2016-09-14T15:59:20","guid":{"rendered":"https:\/\/sbglaucoma2.websiteseguro.com\/medico\/?p=3919"},"modified":"2024-01-02T16:15:19","modified_gmt":"2024-01-02T19:15:19","slug":"painel-videos","status":"publish","type":"page","link":"https:\/\/www.sbglaucoma.org.br\/medico\/painel-videos\/","title":{"rendered":"Fundamentos do Glaucoma SBG"},"content":{"rendered":"<div class=\"wp-bootstrap-blocks-row row\">\n\t\n\n<div class=\"col-12 col-md-6\">\n\t\t\t\n\n<div class=\"wp-block-group\"><div class=\"wp-block-group__inner-container is-layout-constrained wp-block-group-is-layout-constrained\">\n<h2 class=\"wp-block-heading h5 border-2 border-bottom border-primary fw-bold mb-5 pb-3\">Aulas do dia 16 de abril de 2016<\/h2>\n\n\n\n<p class=\"border-bottom border-secondary pb-4\"><a href=\"https:\/\/sbglaucoma.org.br\/medico\/guilherme-hikaru-jeewon-ju\/\"><strong>Anatomia e Embriologia do Seio Camerular, Corpo Ciliar e Fisiologia do Humor Aquoso<\/strong><br>GUILHERME JU<\/a><\/p>\n\n\n\n<p class=\"border-bottom border-secondary pb-4\"><a href=\"https:\/\/sbglaucoma.org.br\/medico\/renato-a-s-germano\/\"><strong>Gonioscopia<\/strong><br>RENATO GERMANO<\/a><\/p>\n\n\n\n<p class=\"border-bottom border-secondary pb-4\"><a href=\"https:\/\/sbglaucoma.org.br\/medico\/paulo-afonso-b-dos-santos\/\"><strong>Anatomia do Nervo \u00d3ptico e Camada de Fibras Nervosas da Retina<\/strong><br>PAULO AFONSO BATISTA DOS SANTOS<\/a><\/p>\n\n\n\n<p class=\"border-bottom border-secondary pb-4\"><a href=\"https:\/\/sbglaucoma.org.br\/medico\/heloisa-helena-abil-russ\/\"><strong>Altera\u00e7\u00f5es Cong\u00eanitas do Nervo \u00d3ptico e Diagn\u00f3stico Diferencial com a Neuropatia Glaucomatosa<\/strong><br>HELOISA ABIL RUSS GIACOMETTI<\/a><\/p>\n\n\n\n<p class=\"border-bottom border-secondary pb-4\"><a href=\"https:\/\/sbglaucoma.org.br\/medico\/retinografia-e-topografia-do-disco-optico\/\"><strong>Retinografia e Topografia do disco \u00f3ptico<\/strong><br>S\u00c9RGIO HENRIQUE TEIXEIRA<\/a><\/p>\n\n\n\n<p class=\"border-bottom border-secondary pb-4\"><a href=\"https:\/\/sbglaucoma.org.br\/medico\/diego-tebaldi\/\"><strong>Avalia\u00e7\u00e3o da Camada de Fibras Nervosas<\/strong><br>DIEGO TEBALDI Q BARBOSA<\/a><\/p>\n\n\n\n<p class=\"border-bottom border-secondary pb-4\"><a href=\"https:\/\/sbglaucoma.org.br\/medico\/roberto-laurande-pimentel\/\"><strong>Como avaliar o Perfil Press\u00f3rico e Calcular a PIO-Alvo<\/strong><br>ROBERTO MURAD VESSANI<\/a><\/p>\n\n\n\n<p class=\"border-bottom border-secondary pb-4\"><a href=\"https:\/\/sbglaucoma.org.br\/medico\/ana-carolina-pasquini-raiza\/\"><strong>Farmacologia &#8211; Drogas utilizadas para tratamento do Glaucoma<\/strong><br>ANA CAROLINA PASQUINI RAIZA<\/a><\/p>\n\n\n\n<p class=\"border-bottom border-secondary pb-4\"><a href=\"https:\/\/sbglaucoma.org.br\/medico\/nubia-vanessa-lima-de-faria\/\"><strong>Campo Visual &#8211; Como interpretar os resultados<\/strong><br>NUBIA VANESSA A. L. H. FARIA<\/a><\/p>\n\n\n\n<p class=\"border-bottom border-secondary pb-4\"><a href=\"https:\/\/sbglaucoma.org.br\/medico\/vital-paulino-da-costa\/\"><strong>Altera\u00e7\u00f5es Campim\u00e9tricas no Glaucoma<\/strong><br>VITAL PAULINO COSTA<\/a><\/p>\n\n\n\n<p class=\"border-bottom border-secondary pb-4\"><a href=\"https:\/\/sbglaucoma.org.br\/medico\/alexandre-s-c-reis\/\"><strong>Rela\u00e7\u00e3o entre Estrutura e fun\u00e7\u00e3o no Glaucoma<\/strong><br>ALEXANDRE REIS<\/a><\/p>\n\n\n\n<p class=\"border-bottom border-secondary pb-4\"><a href=\"https:\/\/sbglaucoma.org.br\/medico\/marcelo-hanataka\/\"><strong>An\u00e1lise de Progress\u00e3o no Glaucoma &#8211; Estrutural e Funcional<\/strong><br>MARCELO HATANAKA<\/a><\/p>\n\n\n\n<p class=\"border-bottom border-secondary pb-4\"><a href=\"https:\/\/sbglaucoma.org.br\/medico\/augusto-paranhos-jr\/\"><strong>Glaucoma prim\u00e1rio de \u00e2ngulo aberto (GPAA e GPN)<\/strong><br>AUGUSTO PARANHOS JR<\/a><\/p>\n\n\n\n<p class=\"border-bottom border-secondary pb-4\"><a href=\"https:\/\/sbglaucoma.org.br\/medico\/wilma-lelis-barboza\/\"><strong>Glaucoma Prim\u00e1rio de \u00c2ngulo Fechado<\/strong><br>WILMA LELIS BARBOZA<\/a><\/p>\n<\/div><\/div>\n\n\t<\/div>\n\n\n\n<div class=\"col-12 col-md-6\">\n\t\t\t\n\n<div class=\"wp-block-group\"><div class=\"wp-block-group__inner-container is-layout-constrained wp-block-group-is-layout-constrained\">\n<h2 class=\"wp-block-heading h5 border-2 border-bottom border-primary fw-bold mb-5 pb-3\">Aulas do dia 18 de junho de 2016<\/h2>\n\n\n\n<p class=\"border-bottom border-secondary pb-4\"><a href=\"https:\/\/sbglaucoma.org.br\/medico\/dr-jair-giampani\/\"><strong>Op\u00e7\u00f5es Terap\u00eauticas no Glaucoma (medica\u00e7\u00e3o, laser e cirurgia)<\/strong><br>JAIR GIAMPANI JUNIOR<\/a><\/p>\n\n\n\n<p class=\"border-bottom border-secondary pb-4\"><a href=\"https:\/\/sbglaucoma.org.br\/medico\/dra-christiane-rolim-moura\/\"><strong>Op\u00e7\u00f5es de Tratamento para Glaucoma Cong\u00eanito<\/strong><br>CHRISTIANE ROLIM DE MOURA<\/a><\/p>\n\n\n\n<p class=\"border-bottom border-secondary pb-4\"><a href=\"https:\/\/sbglaucoma.org.br\/medico\/dr-lineu-shiroma\/\"><strong>Implantes de drenagem: descrever tipos existentes, t\u00e9cnica cir\u00fargica dos mais utilizados em nosso meio<\/strong><br>LINEU OTO SHIROMA<\/a><\/p>\n\n\n\n<p class=\"border-bottom border-secondary pb-4\"><a href=\"https:\/\/sbglaucoma.org.br\/medico\/procedimentos-ciclodestrutivos-leopoldo-magacho\/\"><strong>Procedimentos Ciclodestrutivos<\/strong><br>LEOPOLDO MAGACHO<\/a><\/p>\n\n\n\n<p class=\"border-bottom border-secondary pb-4\"><a href=\"https:\/\/sbglaucoma.org.br\/medico\/dr-remo-susanna-jr\/\"><strong>Altera\u00e7\u00f5es do nervo \u00f3ptico no glaucoma<\/strong><br>REMO SUSANNA JR<\/a><\/p>\n\n\n\n<p class=\"border-bottom border-secondary pb-4\"><a href=\"https:\/\/sbglaucoma.org.br\/medico\/dr-marcio-mendes\/\"><strong>Glaucoma Cong\u00eanito Prim\u00e1rio<\/strong><br>MARCIO HENRIQUE MENDES<\/a><\/p>\n\n\n\n<p class=\"border-bottom border-secondary pb-4\"><a href=\"https:\/\/sbglaucoma.org.br\/medico\/dr-tiago-dos-santos-prata\/\"><strong>Trabeculectomia &#8211; T\u00e9cnica e Complica\u00e7\u00f5es<\/strong><br>TIAGO DOS SANTOS PRATA<\/a><\/p>\n\n\n\n<p class=\"border-bottom border-secondary pb-4\"><a href=\"https:\/\/sbglaucoma.org.br\/medico\/dr-ricardo-suzuki\/\"><strong>Glaucoma Facog\u00eanico<\/strong><br>RICARDO SUZUKI<\/a><\/p>\n\n\n\n<p class=\"border-bottom border-secondary pb-4\"><a href=\"https:\/\/sbglaucoma.org.br\/medico\/bruno-figueiredo\/\"><strong>Nanoftalmia e Glaucoma por bloqueio ciliar<\/strong><br>BRUNO FIGUEIREDO<\/a><\/p>\n\n\n\n<p class=\"border-bottom border-secondary pb-4\"><a href=\"https:\/\/sbglaucoma.org.br\/medico\/dr-luiz-alberto-s-melo\/\"><strong>Glaucoma Neovascular<\/strong><br>LUIZ ALBERTO SOARES DE MELO JR.<\/a><\/p>\n\n\n\n<p class=\"border-bottom border-secondary pb-4\"><a href=\"https:\/\/sbglaucoma.org.br\/medico\/ivan-maynart-tavares\/\"><strong>Glaucoma Traum\u00e1tico e secund\u00e1rio a Hemorragias Intraoculares<\/strong><br>IVAN MAYNART TAVARES<\/a><\/p>\n\n\n\n<p class=\"border-bottom border-secondary pb-4\"><a href=\"https:\/\/sbglaucoma.org.br\/medico\/glaucoma-cortisonico-e-secundario-a-uveite\/\"><strong>Glaucoma cortis\u00f4nico e secund\u00e1rio \u00e0 uve\u00edte<\/strong><br>MARCELO PALIS VENTURA<\/a><\/p>\n\n\n\n<p class=\"border-bottom border-secondary pb-4\"><a href=\"https:\/\/sbglaucoma.org.br\/medico\/dr-roberto-lauande\/\"><strong>Glaucoma Secund\u00e1rio \u00e0 eleva\u00e7\u00e3o da press\u00e3o venosa episcleral<\/strong><br>ROBERTO LAUANDE PIMENTEL<\/a><\/p>\n\n\n\n<p class=\"border-bottom border-secondary pb-4\"><a href=\"https:\/\/sbglaucoma.org.br\/medico\/glaucoma-pseudo-esfoliativo-e-pigmentar\/\"><strong>Glaucoma pseudo-esfoliativo e pigmentar<\/strong><br>EMILIO RINTARO SUZUKI JR.<\/a><\/p>\n\n\n\n<p class=\"border-bottom border-secondary pb-4\"><a href=\"https:\/\/sbglaucoma.org.br\/medico\/dr-roberto-galvao-filho\/\"><strong>S\u00edndrome endot\u00e9lio-irido-corneana (ICE)<\/strong><br>ROBERTO PEDROSA GALV\u00c3O FILHO<\/a><\/p>\n\n\n\n<p class=\"border-bottom border-secondary pb-4\"><a href=\"https:\/\/sbglaucoma.org.br\/medico\/dr-hermann-cavalcanti\/\"><strong>Glaucoma e descolamento da Retina<\/strong><br>HELLMANN CAVALCANTE<\/a><\/p>\n<\/div><\/div>\n\n\t<\/div>\n\n<\/div>\n","protected":false},"excerpt":{"rendered":"","protected":false},"author":1,"featured_media":8793,"parent":0,"menu_order":0,"comment_status":"closed","ping_status":"closed","template":"","meta":{"_acf_changed":false,"_joinchat":[],"footnotes":""},"class_list":["post-3919","page","type-page","status-publish","has-post-thumbnail","hentry"],"acf":[],"yoast_head":"<!-- This site is optimized with the Yoast SEO plugin v27.5 - https:\/\/yoast.com\/product\/yoast-seo-wordpress\/ -->\n<title>Fundamentos do Glaucoma SBG - SBG - Sociedade Brasileira de Glaucoma<\/title>\n<meta name=\"robots\" content=\"index, follow, max-snippet:-1, max-image-preview:large, max-video-preview:-1\" \/>\n<link rel=\"canonical\" href=\"https:\/\/www.sbglaucoma.org.br\/medico\/painel-videos\/\" \/>\n<meta property=\"og:locale\" content=\"pt_BR\" \/>\n<meta property=\"og:type\" content=\"article\" \/>\n<meta property=\"og:title\" content=\"Fundamentos do Glaucoma SBG - SBG - Sociedade Brasileira de Glaucoma\" \/>\n<meta property=\"og:url\" content=\"https:\/\/www.sbglaucoma.org.br\/medico\/painel-videos\/\" \/>\n<meta property=\"og:site_name\" content=\"SBG - Sociedade Brasileira de Glaucoma\" \/>\n<meta property=\"article:modified_time\" content=\"2024-01-02T19:15:19+00:00\" \/>\n<meta property=\"og:image\" content=\"https:\/\/www.sbglaucoma.org.br\/medico\/wp-content\/uploads\/2023\/12\/banner-interno.png\" \/>\n\t<meta property=\"og:image:width\" content=\"1400\" \/>\n\t<meta property=\"og:image:height\" content=\"551\" \/>\n\t<meta property=\"og:image:type\" content=\"image\/png\" \/>\n<meta name=\"twitter:card\" content=\"summary_large_image\" \/>\n<meta name=\"twitter:label1\" content=\"Est. tempo de leitura\" \/>\n\t<meta name=\"twitter:data1\" content=\"2 minutos\" \/>\n<script type=\"application\/ld+json\" class=\"yoast-schema-graph\">{\"@context\":\"https:\\\/\\\/schema.org\",\"@graph\":[{\"@type\":\"WebPage\",\"@id\":\"https:\\\/\\\/www.sbglaucoma.org.br\\\/medico\\\/painel-videos\\\/\",\"url\":\"https:\\\/\\\/www.sbglaucoma.org.br\\\/medico\\\/painel-videos\\\/\",\"name\":\"Fundamentos do Glaucoma SBG - SBG - Sociedade Brasileira de Glaucoma\",\"isPartOf\":{\"@id\":\"https:\\\/\\\/www.sbglaucoma.org.br\\\/medico\\\/#website\"},\"primaryImageOfPage\":{\"@id\":\"https:\\\/\\\/www.sbglaucoma.org.br\\\/medico\\\/painel-videos\\\/#primaryimage\"},\"image\":{\"@id\":\"https:\\\/\\\/www.sbglaucoma.org.br\\\/medico\\\/painel-videos\\\/#primaryimage\"},\"thumbnailUrl\":\"https:\\\/\\\/www.sbglaucoma.org.br\\\/medico\\\/wp-content\\\/uploads\\\/2023\\\/12\\\/banner-interno.png\",\"datePublished\":\"2016-09-14T15:59:20+00:00\",\"dateModified\":\"2024-01-02T19:15:19+00:00\",\"breadcrumb\":{\"@id\":\"https:\\\/\\\/www.sbglaucoma.org.br\\\/medico\\\/painel-videos\\\/#breadcrumb\"},\"inLanguage\":\"pt-BR\",\"potentialAction\":[{\"@type\":\"ReadAction\",\"target\":[\"https:\\\/\\\/www.sbglaucoma.org.br\\\/medico\\\/painel-videos\\\/\"]}]},{\"@type\":\"ImageObject\",\"inLanguage\":\"pt-BR\",\"@id\":\"https:\\\/\\\/www.sbglaucoma.org.br\\\/medico\\\/painel-videos\\\/#primaryimage\",\"url\":\"https:\\\/\\\/www.sbglaucoma.org.br\\\/medico\\\/wp-content\\\/uploads\\\/2023\\\/12\\\/banner-interno.png\",\"contentUrl\":\"https:\\\/\\\/www.sbglaucoma.org.br\\\/medico\\\/wp-content\\\/uploads\\\/2023\\\/12\\\/banner-interno.png\",\"width\":1400,\"height\":551},{\"@type\":\"BreadcrumbList\",\"@id\":\"https:\\\/\\\/www.sbglaucoma.org.br\\\/medico\\\/painel-videos\\\/#breadcrumb\",\"itemListElement\":[{\"@type\":\"ListItem\",\"position\":1,\"name\":\"In\u00edcio\",\"item\":\"https:\\\/\\\/www.sbglaucoma.org.br\\\/medico\\\/\"},{\"@type\":\"ListItem\",\"position\":2,\"name\":\"Fundamentos do Glaucoma SBG\"}]},{\"@type\":\"WebSite\",\"@id\":\"https:\\\/\\\/www.sbglaucoma.org.br\\\/medico\\\/#website\",\"url\":\"https:\\\/\\\/www.sbglaucoma.org.br\\\/medico\\\/\",\"name\":\"SBG - Sociedade Brasileira de Glaucoma\",\"description\":\"\",\"potentialAction\":[{\"@type\":\"SearchAction\",\"target\":{\"@type\":\"EntryPoint\",\"urlTemplate\":\"https:\\\/\\\/www.sbglaucoma.org.br\\\/medico\\\/?s={search_term_string}\"},\"query-input\":{\"@type\":\"PropertyValueSpecification\",\"valueRequired\":true,\"valueName\":\"search_term_string\"}}],\"inLanguage\":\"pt-BR\"}]}<\/script>\n<!-- \/ Yoast SEO plugin. -->","yoast_head_json":{"title":"Fundamentos do Glaucoma SBG - SBG - Sociedade Brasileira de Glaucoma","robots":{"index":"index","follow":"follow","max-snippet":"max-snippet:-1","max-image-preview":"max-image-preview:large","max-video-preview":"max-video-preview:-1"},"canonical":"https:\/\/www.sbglaucoma.org.br\/medico\/painel-videos\/","og_locale":"pt_BR","og_type":"article","og_title":"Fundamentos do Glaucoma SBG - SBG - Sociedade Brasileira de Glaucoma","og_url":"https:\/\/www.sbglaucoma.org.br\/medico\/painel-videos\/","og_site_name":"SBG - Sociedade Brasileira de Glaucoma","article_modified_time":"2024-01-02T19:15:19+00:00","og_image":[{"width":1400,"height":551,"url":"https:\/\/www.sbglaucoma.org.br\/medico\/wp-content\/uploads\/2023\/12\/banner-interno.png","type":"image\/png"}],"twitter_card":"summary_large_image","twitter_misc":{"Est. tempo de leitura":"2 minutos"},"schema":{"@context":"https:\/\/schema.org","@graph":[{"@type":"WebPage","@id":"https:\/\/www.sbglaucoma.org.br\/medico\/painel-videos\/","url":"https:\/\/www.sbglaucoma.org.br\/medico\/painel-videos\/","name":"Fundamentos do Glaucoma SBG - SBG - Sociedade Brasileira de Glaucoma","isPartOf":{"@id":"https:\/\/www.sbglaucoma.org.br\/medico\/#website"},"primaryImageOfPage":{"@id":"https:\/\/www.sbglaucoma.org.br\/medico\/painel-videos\/#primaryimage"},"image":{"@id":"https:\/\/www.sbglaucoma.org.br\/medico\/painel-videos\/#primaryimage"},"thumbnailUrl":"https:\/\/www.sbglaucoma.org.br\/medico\/wp-content\/uploads\/2023\/12\/banner-interno.png","datePublished":"2016-09-14T15:59:20+00:00","dateModified":"2024-01-02T19:15:19+00:00","breadcrumb":{"@id":"https:\/\/www.sbglaucoma.org.br\/medico\/painel-videos\/#breadcrumb"},"inLanguage":"pt-BR","potentialAction":[{"@type":"ReadAction","target":["https:\/\/www.sbglaucoma.org.br\/medico\/painel-videos\/"]}]},{"@type":"ImageObject","inLanguage":"pt-BR","@id":"https:\/\/www.sbglaucoma.org.br\/medico\/painel-videos\/#primaryimage","url":"https:\/\/www.sbglaucoma.org.br\/medico\/wp-content\/uploads\/2023\/12\/banner-interno.png","contentUrl":"https:\/\/www.sbglaucoma.org.br\/medico\/wp-content\/uploads\/2023\/12\/banner-interno.png","width":1400,"height":551},{"@type":"BreadcrumbList","@id":"https:\/\/www.sbglaucoma.org.br\/medico\/painel-videos\/#breadcrumb","itemListElement":[{"@type":"ListItem","position":1,"name":"In\u00edcio","item":"https:\/\/www.sbglaucoma.org.br\/medico\/"},{"@type":"ListItem","position":2,"name":"Fundamentos do Glaucoma SBG"}]},{"@type":"WebSite","@id":"https:\/\/www.sbglaucoma.org.br\/medico\/#website","url":"https:\/\/www.sbglaucoma.org.br\/medico\/","name":"SBG - Sociedade Brasileira de Glaucoma","description":"","potentialAction":[{"@type":"SearchAction","target":{"@type":"EntryPoint","urlTemplate":"https:\/\/www.sbglaucoma.org.br\/medico\/?s={search_term_string}"},"query-input":{"@type":"PropertyValueSpecification","valueRequired":true,"valueName":"search_term_string"}}],"inLanguage":"pt-BR"}]}},"_links":{"self":[{"href":"https:\/\/www.sbglaucoma.org.br\/medico\/wp-json\/wp\/v2\/pages\/3919","targetHints":{"allow":["GET"]}}],"collection":[{"href":"https:\/\/www.sbglaucoma.org.br\/medico\/wp-json\/wp\/v2\/pages"}],"about":[{"href":"https:\/\/www.sbglaucoma.org.br\/medico\/wp-json\/wp\/v2\/types\/page"}],"author":[{"embeddable":true,"href":"https:\/\/www.sbglaucoma.org.br\/medico\/wp-json\/wp\/v2\/users\/1"}],"replies":[{"embeddable":true,"href":"https:\/\/www.sbglaucoma.org.br\/medico\/wp-json\/wp\/v2\/comments?post=3919"}],"version-history":[{"count":60,"href":"https:\/\/www.sbglaucoma.org.br\/medico\/wp-json\/wp\/v2\/pages\/3919\/revisions"}],"predecessor-version":[{"id":9271,"href":"https:\/\/www.sbglaucoma.org.br\/medico\/wp-json\/wp\/v2\/pages\/3919\/revisions\/9271"}],"wp:featuredmedia":[{"embeddable":true,"href":"https:\/\/www.sbglaucoma.org.br\/medico\/wp-json\/wp\/v2\/media\/8793"}],"wp:attachment":[{"href":"https:\/\/www.sbglaucoma.org.br\/medico\/wp-json\/wp\/v2\/media?parent=3919"}],"curies":[{"name":"wp","href":"https:\/\/api.w.org\/{rel}","templated":true}]}}