{"id":10686,"date":"2025-05-30T10:32:41","date_gmt":"2025-05-30T13:32:41","guid":{"rendered":"https:\/\/www.sbglaucoma.org.br\/medico\/?page_id=10686"},"modified":"2025-06-02T11:15:00","modified_gmt":"2025-06-02T14:15:00","slug":"wgc-world-glaucoma-congress-2025","status":"publish","type":"page","link":"https:\/\/www.sbglaucoma.org.br\/medico\/wgc-world-glaucoma-congress-2025\/","title":{"rendered":"WGC &#8211; World Glaucoma Congress 2025"},"content":{"rendered":"\n<figure class=\"wp-block-image size-large\"><img loading=\"lazy\" decoding=\"async\" width=\"1024\" height=\"575\" src=\"https:\/\/www.sbglaucoma.org.br\/medico\/wp-content\/uploads\/2025\/05\/2024-05-22-congresso-wgc-sbg-1400x786-3-1024x575.png\" alt=\"\" class=\"wp-image-10684\" srcset=\"https:\/\/www.sbglaucoma.org.br\/medico\/wp-content\/uploads\/2025\/05\/2024-05-22-congresso-wgc-sbg-1400x786-3-1024x575.png 1024w, https:\/\/www.sbglaucoma.org.br\/medico\/wp-content\/uploads\/2025\/05\/2024-05-22-congresso-wgc-sbg-1400x786-3-300x168.png 300w, https:\/\/www.sbglaucoma.org.br\/medico\/wp-content\/uploads\/2025\/05\/2024-05-22-congresso-wgc-sbg-1400x786-3-768x431.png 768w, https:\/\/www.sbglaucoma.org.br\/medico\/wp-content\/uploads\/2025\/05\/2024-05-22-congresso-wgc-sbg-1400x786-3.png 1400w\" sizes=\"auto, (max-width: 1024px) 100vw, 1024px\" \/><\/figure>\n\n\n\n<p>A Sociedade Brasileira de Glaucoma (SBG) marcar\u00e1 presen\u00e7a no 11\u00ba World Glaucoma Congress (WGC), um dos maiores e mais relevantes encontros internacionais voltados para o avan\u00e7o da ci\u00eancia e do cuidado em glaucoma.<\/p>\n\n\n\n<p>No dia 25 de junho de 2025, das 9h15 \u00e0s 10h15, a SBG conduzir\u00e1 uma sess\u00e3o especial com o tema &#8220;New Beginnings&#8221;, abordando novas perspectivas, avan\u00e7os cl\u00ednicos e a import\u00e2ncia da colabora\u00e7\u00e3o global no enfrentamento do glaucoma.<\/p>\n\n\n\n<p>Desde sua funda\u00e7\u00e3o, a SBG tem atuado ativamente na promo\u00e7\u00e3o do conhecimento cient\u00edfico e na qualifica\u00e7\u00e3o dos profissionais da oftalmologia no Brasil. Sua participa\u00e7\u00e3o no WGC refor\u00e7a esse compromisso e amplia sua presen\u00e7a em f\u00f3runs internacionais de excel\u00eancia.<\/p>\n\n\n\n<p><strong>Confira a programa\u00e7\u00e3o:<\/strong><\/p>\n\n\n\n<figure class=\"wp-block-image size-large\"><img loading=\"lazy\" decoding=\"async\" width=\"1024\" height=\"376\" src=\"https:\/\/www.sbglaucoma.org.br\/medico\/wp-content\/uploads\/2025\/06\/image_3-1024x376.png\" alt=\"\" class=\"wp-image-10699\" srcset=\"https:\/\/www.sbglaucoma.org.br\/medico\/wp-content\/uploads\/2025\/06\/image_3-1024x376.png 1024w, https:\/\/www.sbglaucoma.org.br\/medico\/wp-content\/uploads\/2025\/06\/image_3-300x110.png 300w, https:\/\/www.sbglaucoma.org.br\/medico\/wp-content\/uploads\/2025\/06\/image_3-768x282.png 768w, https:\/\/www.sbglaucoma.org.br\/medico\/wp-content\/uploads\/2025\/06\/image_3.png 1166w\" sizes=\"auto, (max-width: 1024px) 100vw, 1024px\" \/><\/figure>\n\n\n\n<p><strong>Valores e prazos para inscri\u00e7\u00e3o:<\/strong><\/p>\n\n\n\n<div class=\"overflow-x-auto\">\n<table class=\"table table-bordered\">\n  <thead>\n    <tr>\n      <th><\/th>\n      <th style=\"background-color:#ea5a5a; color:#fff;\">Early Registration:<br>Until April 2, 2025 (23:59 CEST)<\/th>\n      <th style=\"background-color:#c51e1e; color:#fff;\">Regular Registration:<br>Until June 2, 2025 (23:59 CEST)<\/th>\n      <th style=\"background-color:#ea5a5a; color:#fff;\">After June 2, 2025 (23:59 CEST)<br>and On-Site<\/th>\n    <\/tr>\n  <\/thead>\n  <tbody>\n    <tr>\n      <td style=\"background-color:#a51e1e; color:#fff;\">Non-member<\/td>\n      <td style=\"background-color:#fff7f7; text-align:center;\">$750<\/td>\n      <td style=\"background-color:#fff7f7; text-align:center; font-weight:bold;\">$875<\/td>\n      <td style=\"background-color:#fff7f7; text-align:center;\">$995<\/td>\n    <\/tr>\n    <tr>\n      <td style=\"background-color:#a51e1e; color:#fff;\">Reduced fee affiliated glaucoma society members*<\/td>\n      <td style=\"background-color:#fff7f7; text-align:center;\">$650<\/td>\n      <td style=\"background-color:#fff7f7; text-align:center; font-weight:bold;\">$820<\/td>\n      <td style=\"background-color:#fff7f7; text-align:center;\">$995<\/td>\n    <\/tr>\n  <\/tbody>\n<\/table>\n<\/div>\n\n<style>\n  @media (max-width: 992px){\n     table{\n         width: 700px !important;\n     }\n  }\n<\/style>\n\n\n\n<p class=\"alert alert-success\"><strong>Associados da SBG t\u00eam desconto especial de US$50 para o WGC 2025!<\/strong><\/p>\n\n\n\n<p>\u00c9 com satisfa\u00e7\u00e3o que informamos que, em uma parceria exclusiva com a organiza\u00e7\u00e3o do World Glaucoma Congress (WGC) 2025, os associados da Sociedade Brasileira de Glaucoma (SBG) t\u00eam direito a um desconto especial de US$50 (cinquenta d\u00f3lares) na inscri\u00e7\u00e3o para o evento.<\/p>\n\n\n\n<p>Este benef\u00edcio \u00e9 v\u00e1lido para inscri\u00e7\u00f5es realizadas at\u00e9 o dia 2 de junho de 2025, refor\u00e7amos que o World Glaucoma Congress \u00e9 um dos eventos mais importantes da \u00e1rea, reunindo especialistas de todo o mundo para discutir avan\u00e7os, compartilhar experi\u00eancias e promover a atualiza\u00e7\u00e3o cient\u00edfica de profissionais dedicados ao estudo e tratamento do glaucoma.<\/p>\n\n\n\n<p>N\u00e3o perca essa oportunidade \u00fanica de participar do WGC 2025 com condi\u00e7\u00f5es especiais! Garanta sua inscri\u00e7\u00e3o antecipada e aproveite o desconto exclusivo para membros da SBG.<\/p>\n\n\n\n<div class=\"wp-block-group text-center\"><div class=\"wp-block-group__inner-container is-layout-constrained wp-block-group-is-layout-constrained\"><div class=\"wp-bootstrap-blocks-button\">\n\t<a\n\t\thref=\"https:\/\/worldglaucomacongress.org\/\"\n\t\t\t\t\ttarget=\"_blank\"\n\t\t\t\t\t\t\trel=\"noreferrer noopener\"\n\t\t\t\tclass=\"btn px-5 py-3 btn-primary\"\n\t>\n\t\tMais informa\u00e7\u00f5es e inscri\u00e7\u00e3o\t<\/a>\n<\/div>\n<\/div><\/div>\n","protected":false},"excerpt":{"rendered":"<p>A Sociedade Brasileira de Glaucoma (SBG) marcar\u00e1 presen\u00e7a no 11\u00ba World Glaucoma Congress (WGC), um dos maiores e mais relevantes encontros internacionais voltados para o avan\u00e7o da ci\u00eancia e do cuidado em glaucoma. No dia 25 de junho de 2025, das 9h15 \u00e0s 10h15, a SBG conduzir\u00e1 uma sess\u00e3o especial com o tema &#8220;New Beginnings&#8221;, [&hellip;]<\/p>\n","protected":false},"author":1,"featured_media":0,"parent":0,"menu_order":0,"comment_status":"closed","ping_status":"closed","template":"","meta":{"_acf_changed":false,"_joinchat":[],"footnotes":""},"class_list":["post-10686","page","type-page","status-publish","hentry"],"acf":[],"yoast_head":"<!-- This site is optimized with the Yoast SEO plugin v27.5 - https:\/\/yoast.com\/product\/yoast-seo-wordpress\/ -->\n<title>WGC - World Glaucoma Congress 2025 - SBG - Sociedade Brasileira de Glaucoma<\/title>\n<meta name=\"robots\" content=\"index, follow, max-snippet:-1, max-image-preview:large, max-video-preview:-1\" \/>\n<link rel=\"canonical\" href=\"https:\/\/www.sbglaucoma.org.br\/medico\/wgc-world-glaucoma-congress-2025\/\" \/>\n<meta property=\"og:locale\" content=\"pt_BR\" \/>\n<meta property=\"og:type\" content=\"article\" \/>\n<meta property=\"og:title\" content=\"WGC - World Glaucoma Congress 2025 - SBG - Sociedade Brasileira de Glaucoma\" \/>\n<meta property=\"og:description\" content=\"A Sociedade Brasileira de Glaucoma (SBG) marcar\u00e1 presen\u00e7a no 11\u00ba World Glaucoma Congress (WGC), um dos maiores e mais relevantes encontros internacionais voltados para o avan\u00e7o da ci\u00eancia e do cuidado em glaucoma. No dia 25 de junho de 2025, das 9h15 \u00e0s 10h15, a SBG conduzir\u00e1 uma sess\u00e3o especial com o tema &#8220;New Beginnings&#8221;, [&hellip;]\" \/>\n<meta property=\"og:url\" content=\"https:\/\/www.sbglaucoma.org.br\/medico\/wgc-world-glaucoma-congress-2025\/\" \/>\n<meta property=\"og:site_name\" content=\"SBG - Sociedade Brasileira de Glaucoma\" \/>\n<meta property=\"article:modified_time\" content=\"2025-06-02T14:15:00+00:00\" \/>\n<meta property=\"og:image\" content=\"https:\/\/www.sbglaucoma.org.br\/medico\/wp-content\/uploads\/2025\/05\/2024-05-22-congresso-wgc-sbg-1400x786-3.png\" \/>\n\t<meta property=\"og:image:width\" content=\"1400\" \/>\n\t<meta property=\"og:image:height\" content=\"786\" \/>\n\t<meta property=\"og:image:type\" content=\"image\/png\" \/>\n<meta name=\"twitter:card\" content=\"summary_large_image\" \/>\n<meta name=\"twitter:label1\" content=\"Est. tempo de leitura\" \/>\n\t<meta name=\"twitter:data1\" content=\"2 minutos\" \/>\n<script type=\"application\/ld+json\" class=\"yoast-schema-graph\">{\"@context\":\"https:\\\/\\\/schema.org\",\"@graph\":[{\"@type\":\"WebPage\",\"@id\":\"https:\\\/\\\/www.sbglaucoma.org.br\\\/medico\\\/wgc-world-glaucoma-congress-2025\\\/\",\"url\":\"https:\\\/\\\/www.sbglaucoma.org.br\\\/medico\\\/wgc-world-glaucoma-congress-2025\\\/\",\"name\":\"WGC - World Glaucoma Congress 2025 - SBG - Sociedade Brasileira de Glaucoma\",\"isPartOf\":{\"@id\":\"https:\\\/\\\/www.sbglaucoma.org.br\\\/medico\\\/#website\"},\"primaryImageOfPage\":{\"@id\":\"https:\\\/\\\/www.sbglaucoma.org.br\\\/medico\\\/wgc-world-glaucoma-congress-2025\\\/#primaryimage\"},\"image\":{\"@id\":\"https:\\\/\\\/www.sbglaucoma.org.br\\\/medico\\\/wgc-world-glaucoma-congress-2025\\\/#primaryimage\"},\"thumbnailUrl\":\"https:\\\/\\\/www.sbglaucoma.org.br\\\/medico\\\/wp-content\\\/uploads\\\/2025\\\/05\\\/2024-05-22-congresso-wgc-sbg-1400x786-3-1024x575.png\",\"datePublished\":\"2025-05-30T13:32:41+00:00\",\"dateModified\":\"2025-06-02T14:15:00+00:00\",\"breadcrumb\":{\"@id\":\"https:\\\/\\\/www.sbglaucoma.org.br\\\/medico\\\/wgc-world-glaucoma-congress-2025\\\/#breadcrumb\"},\"inLanguage\":\"pt-BR\",\"potentialAction\":[{\"@type\":\"ReadAction\",\"target\":[\"https:\\\/\\\/www.sbglaucoma.org.br\\\/medico\\\/wgc-world-glaucoma-congress-2025\\\/\"]}]},{\"@type\":\"ImageObject\",\"inLanguage\":\"pt-BR\",\"@id\":\"https:\\\/\\\/www.sbglaucoma.org.br\\\/medico\\\/wgc-world-glaucoma-congress-2025\\\/#primaryimage\",\"url\":\"https:\\\/\\\/www.sbglaucoma.org.br\\\/medico\\\/wp-content\\\/uploads\\\/2025\\\/05\\\/2024-05-22-congresso-wgc-sbg-1400x786-3.png\",\"contentUrl\":\"https:\\\/\\\/www.sbglaucoma.org.br\\\/medico\\\/wp-content\\\/uploads\\\/2025\\\/05\\\/2024-05-22-congresso-wgc-sbg-1400x786-3.png\",\"width\":1400,\"height\":786},{\"@type\":\"BreadcrumbList\",\"@id\":\"https:\\\/\\\/www.sbglaucoma.org.br\\\/medico\\\/wgc-world-glaucoma-congress-2025\\\/#breadcrumb\",\"itemListElement\":[{\"@type\":\"ListItem\",\"position\":1,\"name\":\"In\u00edcio\",\"item\":\"https:\\\/\\\/www.sbglaucoma.org.br\\\/medico\\\/\"},{\"@type\":\"ListItem\",\"position\":2,\"name\":\"WGC &#8211; World Glaucoma Congress 2025\"}]},{\"@type\":\"WebSite\",\"@id\":\"https:\\\/\\\/www.sbglaucoma.org.br\\\/medico\\\/#website\",\"url\":\"https:\\\/\\\/www.sbglaucoma.org.br\\\/medico\\\/\",\"name\":\"SBG - Sociedade Brasileira de Glaucoma\",\"description\":\"\",\"potentialAction\":[{\"@type\":\"SearchAction\",\"target\":{\"@type\":\"EntryPoint\",\"urlTemplate\":\"https:\\\/\\\/www.sbglaucoma.org.br\\\/medico\\\/?s={search_term_string}\"},\"query-input\":{\"@type\":\"PropertyValueSpecification\",\"valueRequired\":true,\"valueName\":\"search_term_string\"}}],\"inLanguage\":\"pt-BR\"}]}<\/script>\n<!-- \/ Yoast SEO plugin. -->","yoast_head_json":{"title":"WGC - World Glaucoma Congress 2025 - SBG - Sociedade Brasileira de Glaucoma","robots":{"index":"index","follow":"follow","max-snippet":"max-snippet:-1","max-image-preview":"max-image-preview:large","max-video-preview":"max-video-preview:-1"},"canonical":"https:\/\/www.sbglaucoma.org.br\/medico\/wgc-world-glaucoma-congress-2025\/","og_locale":"pt_BR","og_type":"article","og_title":"WGC - World Glaucoma Congress 2025 - SBG - Sociedade Brasileira de Glaucoma","og_description":"A Sociedade Brasileira de Glaucoma (SBG) marcar\u00e1 presen\u00e7a no 11\u00ba World Glaucoma Congress (WGC), um dos maiores e mais relevantes encontros internacionais voltados para o avan\u00e7o da ci\u00eancia e do cuidado em glaucoma. No dia 25 de junho de 2025, das 9h15 \u00e0s 10h15, a SBG conduzir\u00e1 uma sess\u00e3o especial com o tema &#8220;New Beginnings&#8221;, [&hellip;]","og_url":"https:\/\/www.sbglaucoma.org.br\/medico\/wgc-world-glaucoma-congress-2025\/","og_site_name":"SBG - Sociedade Brasileira de Glaucoma","article_modified_time":"2025-06-02T14:15:00+00:00","og_image":[{"width":1400,"height":786,"url":"https:\/\/www.sbglaucoma.org.br\/medico\/wp-content\/uploads\/2025\/05\/2024-05-22-congresso-wgc-sbg-1400x786-3.png","type":"image\/png"}],"twitter_card":"summary_large_image","twitter_misc":{"Est. tempo de leitura":"2 minutos"},"schema":{"@context":"https:\/\/schema.org","@graph":[{"@type":"WebPage","@id":"https:\/\/www.sbglaucoma.org.br\/medico\/wgc-world-glaucoma-congress-2025\/","url":"https:\/\/www.sbglaucoma.org.br\/medico\/wgc-world-glaucoma-congress-2025\/","name":"WGC - World Glaucoma Congress 2025 - SBG - Sociedade Brasileira de Glaucoma","isPartOf":{"@id":"https:\/\/www.sbglaucoma.org.br\/medico\/#website"},"primaryImageOfPage":{"@id":"https:\/\/www.sbglaucoma.org.br\/medico\/wgc-world-glaucoma-congress-2025\/#primaryimage"},"image":{"@id":"https:\/\/www.sbglaucoma.org.br\/medico\/wgc-world-glaucoma-congress-2025\/#primaryimage"},"thumbnailUrl":"https:\/\/www.sbglaucoma.org.br\/medico\/wp-content\/uploads\/2025\/05\/2024-05-22-congresso-wgc-sbg-1400x786-3-1024x575.png","datePublished":"2025-05-30T13:32:41+00:00","dateModified":"2025-06-02T14:15:00+00:00","breadcrumb":{"@id":"https:\/\/www.sbglaucoma.org.br\/medico\/wgc-world-glaucoma-congress-2025\/#breadcrumb"},"inLanguage":"pt-BR","potentialAction":[{"@type":"ReadAction","target":["https:\/\/www.sbglaucoma.org.br\/medico\/wgc-world-glaucoma-congress-2025\/"]}]},{"@type":"ImageObject","inLanguage":"pt-BR","@id":"https:\/\/www.sbglaucoma.org.br\/medico\/wgc-world-glaucoma-congress-2025\/#primaryimage","url":"https:\/\/www.sbglaucoma.org.br\/medico\/wp-content\/uploads\/2025\/05\/2024-05-22-congresso-wgc-sbg-1400x786-3.png","contentUrl":"https:\/\/www.sbglaucoma.org.br\/medico\/wp-content\/uploads\/2025\/05\/2024-05-22-congresso-wgc-sbg-1400x786-3.png","width":1400,"height":786},{"@type":"BreadcrumbList","@id":"https:\/\/www.sbglaucoma.org.br\/medico\/wgc-world-glaucoma-congress-2025\/#breadcrumb","itemListElement":[{"@type":"ListItem","position":1,"name":"In\u00edcio","item":"https:\/\/www.sbglaucoma.org.br\/medico\/"},{"@type":"ListItem","position":2,"name":"WGC &#8211; World Glaucoma Congress 2025"}]},{"@type":"WebSite","@id":"https:\/\/www.sbglaucoma.org.br\/medico\/#website","url":"https:\/\/www.sbglaucoma.org.br\/medico\/","name":"SBG - Sociedade Brasileira de Glaucoma","description":"","potentialAction":[{"@type":"SearchAction","target":{"@type":"EntryPoint","urlTemplate":"https:\/\/www.sbglaucoma.org.br\/medico\/?s={search_term_string}"},"query-input":{"@type":"PropertyValueSpecification","valueRequired":true,"valueName":"search_term_string"}}],"inLanguage":"pt-BR"}]}},"_links":{"self":[{"href":"https:\/\/www.sbglaucoma.org.br\/medico\/wp-json\/wp\/v2\/pages\/10686","targetHints":{"allow":["GET"]}}],"collection":[{"href":"https:\/\/www.sbglaucoma.org.br\/medico\/wp-json\/wp\/v2\/pages"}],"about":[{"href":"https:\/\/www.sbglaucoma.org.br\/medico\/wp-json\/wp\/v2\/types\/page"}],"author":[{"embeddable":true,"href":"https:\/\/www.sbglaucoma.org.br\/medico\/wp-json\/wp\/v2\/users\/1"}],"replies":[{"embeddable":true,"href":"https:\/\/www.sbglaucoma.org.br\/medico\/wp-json\/wp\/v2\/comments?post=10686"}],"version-history":[{"count":9,"href":"https:\/\/www.sbglaucoma.org.br\/medico\/wp-json\/wp\/v2\/pages\/10686\/revisions"}],"predecessor-version":[{"id":10701,"href":"https:\/\/www.sbglaucoma.org.br\/medico\/wp-json\/wp\/v2\/pages\/10686\/revisions\/10701"}],"wp:attachment":[{"href":"https:\/\/www.sbglaucoma.org.br\/medico\/wp-json\/wp\/v2\/media?parent=10686"}],"curies":[{"name":"wp","href":"https:\/\/api.w.org\/{rel}","templated":true}]}}