{"id":10935,"date":"2026-03-02T16:52:46","date_gmt":"2026-03-02T19:52:46","guid":{"rendered":"https:\/\/www.sbglaucoma.org.br\/medico\/?post_type=acf-eventos&#038;p=10935"},"modified":"2026-03-30T09:07:32","modified_gmt":"2026-03-30T12:07:32","slug":"glaucoma-summit-conexoes-regionais","status":"publish","type":"acf-eventos","link":"https:\/\/www.sbglaucoma.org.br\/medico\/eventos\/glaucoma-summit-conexoes-regionais\/","title":{"rendered":"Glaucoma Summit &#8211; Conex\u00f5es Regionais"},"content":{"rendered":"\n<figure class=\"wp-block-image size-large\"><img loading=\"lazy\" decoding=\"async\" width=\"1024\" height=\"397\" src=\"https:\/\/www.sbglaucoma.org.br\/medico\/wp-content\/uploads\/2026\/03\/WhatsApp-Image-2026-03-02-at-16.38.13-1-1024x397.jpeg\" alt=\"\" class=\"wp-image-10936\" srcset=\"https:\/\/www.sbglaucoma.org.br\/medico\/wp-content\/uploads\/2026\/03\/WhatsApp-Image-2026-03-02-at-16.38.13-1-1024x397.jpeg 1024w, https:\/\/www.sbglaucoma.org.br\/medico\/wp-content\/uploads\/2026\/03\/WhatsApp-Image-2026-03-02-at-16.38.13-1-300x116.jpeg 300w, https:\/\/www.sbglaucoma.org.br\/medico\/wp-content\/uploads\/2026\/03\/WhatsApp-Image-2026-03-02-at-16.38.13-1-768x298.jpeg 768w, https:\/\/www.sbglaucoma.org.br\/medico\/wp-content\/uploads\/2026\/03\/WhatsApp-Image-2026-03-02-at-16.38.13-1.jpeg 1430w\" sizes=\"auto, (max-width: 1024px) 100vw, 1024px\" \/><\/figure>\n\n\n\n<p><strong>Coordena\u00e7\u00e3o:<\/strong><\/p>\n\n\n\n<ul class=\"wp-block-list\">\n<li>Christine Sampaio Archanjo<\/li>\n\n\n\n<li>Marcelo Sousa Nascimento<\/li>\n\n\n\n<li>Vespasiano Nunes Rebou\u00e7as dos Santos<\/li>\n<\/ul>\n\n\n\n<h2 class=\"wp-block-heading\"><strong>Programa\u00e7\u00e3o<\/strong><\/h2>\n\n\n\n <!-- BLOCO 1 -->\n  <h4 class=\"fw-bold h5 text-primary mt-5 mb-1\">BLOCO 1: DIAGN\u00d3STICO E SEGUIMENTO DO GLAUCOMA<\/h4>\n  <p class=\"text-muted mt-2 mb-3\"><strong>Moderadores:<\/strong> Christine Sampaio Archanjo, Jayter Silva de Paula<\/p>\n \n  <div class=\"bg-light border mb-2 p-4 rounded\">\n    <h6 class=\"fs-5 fw-bold text-primary\">ABERTURA<\/h6>\n    <span class=\"rounded d-block mb-4\" style=\"width:50px;height:3px;background-color:#72c98c;\"><\/span>\n    <p class=\"fw-bold m-0 pb-0 small\">Hor\u00e1rio: 8:00 \u2013 8:05h<\/p>\n    <p class=\"speaker mb-0\">Roberto Murad Vessani<\/p>\n  <\/div>\n \n  <div class=\"bg-light border mb-2 p-4 rounded\">\n    <h6 class=\"fs-5 fw-bold text-primary\">Avalia\u00e7\u00e3o do segmento anterior no glaucoma. Qual o melhor m\u00e9todo para avaliar o \u00e2ngulo? Ainda preciso realizar gonioscopia?<\/h6>\n    <span class=\"rounded d-block mb-4\" style=\"width:50px;height:3px;background-color:#72c98c;\"><\/span>\n    <p class=\"fw-bold m-0 pb-0 small\">Hor\u00e1rio: 8:05 \u2013 8:17h<\/p>\n    <p class=\"speaker mb-0\">Fl\u00e1via da Silva Villas-Boas<\/p>\n  <\/div>\n \n  <div class=\"bg-light border mb-2 p-4 rounded\">\n    <h6 class=\"fs-5 fw-bold text-primary\">Como utilizar a retinografia para diagn\u00f3stico e progress\u00e3o do glaucoma? Quais os novos recursos dispon\u00edveis?<\/h6>\n    <span class=\"rounded d-block mb-4\" style=\"width:50px;height:3px;background-color:#72c98c;\"><\/span>\n    <p class=\"fw-bold m-0 pb-0 small\">Hor\u00e1rio: 8:17 \u2013 8:29h<\/p>\n    <p class=\"speaker mb-0\">Yuri Napoli Guimar\u00e3es<\/p>\n  <\/div>\n \n  <div class=\"border mb-2 p-4 rounded sponsor\">\n    <h6 class=\"fs-5 fw-bold\">Inser\u00e7\u00e3o de V\u00eddeo Patrocinador \u2013 Farma 1 (Ach\u00e9)<\/h6>\n    <span class=\"rounded d-block mb-4\" style=\"width:50px;height:3px;background-color:#ffc107;\"><\/span>\n    <p class=\"fw-bold m-0 pb-0 small\">Hor\u00e1rio: 8:29 \u2013 8:30h<\/p>\n  <\/div>\n \n  <div class=\"bg-light border mb-2 p-4 rounded\">\n    <h6 class=\"fs-5 fw-bold text-primary\">Como utilizar o OCT para diagn\u00f3stico e progress\u00e3o do glaucoma?<\/h6>\n    <span class=\"rounded d-block mb-4\" style=\"width:50px;height:3px;background-color:#72c98c;\"><\/span>\n    <p class=\"fw-bold m-0 pb-0 small\">Hor\u00e1rio: 8:30 \u2013 8:42h<\/p>\n    <p class=\"speaker mb-0\">Roberto Murad Vessani<\/p>\n  <\/div>\n \n  <div class=\"bg-light border mb-2 p-4 rounded\">\n    <h6 class=\"fs-5 fw-bold text-primary\">Interpreta\u00e7\u00e3o do campo visual para o diagn\u00f3stico e progress\u00e3o de glaucoma<\/h6>\n    <span class=\"rounded d-block mb-4\" style=\"width:50px;height:3px;background-color:#72c98c;\"><\/span>\n    <p class=\"fw-bold m-0 pb-0 small\">Hor\u00e1rio: 8:42 \u2013 8:54h<\/p>\n    <p class=\"speaker mb-0\">Carina Laiola de Souza Correia<\/p>\n  <\/div>\n \n  <div class=\"bg-light border mb-2 p-4 rounded\">\n    <h6 class=\"fs-5 fw-bold text-primary\">Qual a melhor maneira de avaliar a correla\u00e7\u00e3o estrutura-fun\u00e7\u00e3o?<\/h6>\n    <span class=\"rounded d-block mb-4\" style=\"width:50px;height:3px;background-color:#72c98c;\"><\/span>\n    <p class=\"fw-bold m-0 pb-0 small\">Hor\u00e1rio: 8:54 \u2013 9:06h<\/p>\n    <p class=\"speaker mb-0\">Jayter Silva de Paula<\/p>\n  <\/div>\n \n  <div class=\"bg-light border mb-2 p-4 rounded\">\n    <h6 class=\"fs-5 fw-bold text-primary\">Como conduzir o suspeito de glaucoma? O que a literatura auxilia na tomada de decis\u00e3o.<\/h6>\n    <span class=\"rounded d-block mb-4\" style=\"width:50px;height:3px;background-color:#72c98c;\"><\/span>\n    <p class=\"fw-bold m-0 pb-0 small\">Hor\u00e1rio: 9:06 \u2013 9:18h<\/p>\n    <p class=\"speaker mb-0\">Marcelo Hatanaka<\/p>\n  <\/div>\n \n  <div class=\"border mb-2 p-4 rounded sponsor\">\n    <h6 class=\"fs-5 fw-bold\">Inser\u00e7\u00e3o de V\u00eddeo Patrocinador \u2013 Farma 2 (Crist\u00e1lia)<\/h6>\n    <span class=\"rounded d-block mb-4\" style=\"width:50px;height:3px;background-color:#ffc107;\"><\/span>\n    <p class=\"fw-bold m-0 pb-0 small\">Hor\u00e1rio: 9:19 \u2013 9:20h<\/p>\n  <\/div>\n \n  <div class=\"border mb-2 p-4 rounded caso\">\n    <h6 class=\"fs-5 fw-bold\">Caso Cl\u00ednico 1: enfoque no suspeito de glaucoma<\/h6>\n    <span class=\"rounded d-block mb-4\" style=\"width:50px;height:3px;background-color:#e91e63;\"><\/span>\n    <p class=\"fw-bold m-0 pb-0 small\">Hor\u00e1rio: 9:20 \u2013 9:30h<\/p>\n    <p class=\"speaker mb-0\">Caroline Alves<\/p>\n  <\/div>\n \n  <div class=\"border mb-2 p-4 rounded discussao bg-light\">\n    <h6 class=\"fs-5 fw-bold\" style=\"color:#33691e;\">Discuss\u00e3o \u2013 Caso Cl\u00ednico 1<\/h6>\n    <span class=\"rounded d-block mb-4\" style=\"width:50px;height:3px;background-color:#8bc34a;\"><\/span>\n    <p class=\"fw-bold m-0 pb-0 small\">Hor\u00e1rio: 9:30 \u2013 9:40h<\/p>\n    <p class=\"speaker mb-0\">Paulo Afonso Batista dos Santos, Hellmann Cavalcanti, Marcelo Hatanaka, Camila Netto<\/p>\n  <\/div>\n \n  <div class=\"border mb-2 p-4 rounded sponsor\">\n    <h6 class=\"fs-5 fw-bold\">Inser\u00e7\u00e3o de V\u00eddeo Patrocinador \u2013 Farma 3 (Gbio)<\/h6>\n    <span class=\"rounded d-block mb-4\" style=\"width:50px;height:3px;background-color:#ffc107;\"><\/span>\n    <p class=\"fw-bold m-0 pb-0 small\">Hor\u00e1rio: 9:40 \u2013 9:41h<\/p>\n  <\/div>\n \n  <div class=\"border mb-2 p-4 rounded caso\">\n    <h6 class=\"fs-5 fw-bold\">Caso Cl\u00ednico 2: enfoque na progress\u00e3o do glaucoma<\/h6>\n    <span class=\"rounded d-block mb-4\" style=\"width:50px;height:3px;background-color:#e91e63;\"><\/span>\n    <p class=\"fw-bold m-0 pb-0 small\">Hor\u00e1rio: 9:41 \u2013 9:51h<\/p>\n    <p class=\"speaker mb-0\">Lamylya Ferreira Figueiredo de S\u00e1 Soares<\/p>\n  <\/div>\n \n  <div class=\"border mb-2 p-4 rounded discussao bg-light\">\n    <h6 class=\"fs-5 fw-bold\" style=\"color:#33691e;\">Discuss\u00e3o \u2013 Caso Cl\u00ednico 2<\/h6>\n    <span class=\"rounded d-block mb-4\" style=\"width:50px;height:3px;background-color:#8bc34a;\"><\/span>\n    <p class=\"fw-bold m-0 pb-0 small\">Hor\u00e1rio: 9:51 \u2013 10:01h<\/p>\n    <p class=\"speaker mb-0\">Carina Laiola de Souza Correia, Fl\u00e1via da Silva Villas-Boas, Vespasiano Rebou\u00e7as, Camila Netto<\/p>\n  <\/div>\n \n  <div class=\"border mb-2 p-4 rounded coffee\">\n    <h6 class=\"fs-5 fw-bold\">&#x2615; Coffee Break<\/h6>\n    <span class=\"rounded d-block mb-4\" style=\"width:50px;height:3px;background-color:#4caf50;\"><\/span>\n    <p class=\"fw-bold m-0 pb-0 small\">Hor\u00e1rio: 10:01 \u2013 10:21h<\/p>\n  <\/div>\n \n  <!-- BLOCO 2 -->\n  <h4 class=\"fw-bold text-primary mt-5 mb-1\">BLOCO 2: TRATAMENTO CL\u00cdNICO E LASER<\/h4>\n  <div class=\"subtitle-bar mb-2\"><\/div>\n  <p class=\"text-muted small mb-3\"><strong>Moderadores:<\/strong> Vespasiano Nunes Rebou\u00e7as dos Santos e Marcelo Hatanaka<\/p>\n \n  <div class=\"bg-light border mb-2 p-4 rounded\">\n    <h6 class=\"fs-5 fw-bold text-primary\">Op\u00e7\u00f5es para o tratamento cl\u00ednico do glaucoma: enfoque nas diferentes classes e rationale para uso.<\/h6>\n    <span class=\"rounded d-block mb-4\" style=\"width:50px;height:3px;background-color:#72c98c;\"><\/span>\n    <p class=\"fw-bold m-0 pb-0 small\">Hor\u00e1rio: 10:21 \u2013 10:33h<\/p>\n    <p class=\"speaker mb-0\">Christine Sampaio Archanjo<\/p>\n  <\/div>\n \n  <div class=\"bg-light border mb-2 p-4 rounded\">\n    <h6 class=\"fs-5 fw-bold text-primary\">Op\u00e7\u00f5es para o tratamento a laser do glaucoma no consult\u00f3rio: enfoque nas diferentes op\u00e7\u00f5es e rationale para uso.<\/h6>\n    <span class=\"rounded d-block mb-4\" style=\"width:50px;height:3px;background-color:#72c98c;\"><\/span>\n    <p class=\"fw-bold m-0 pb-0 small\">Hor\u00e1rio: 10:33 \u2013 10:45h<\/p>\n    <p class=\"speaker mb-0\">Vespasiano Nunes Rebou\u00e7as dos Santos<\/p>\n  <\/div>\n \n  <div class=\"bg-light border mb-2 p-4 rounded\">\n    <h6 class=\"fs-5 fw-bold text-primary\">Como avaliar os par\u00e2metros press\u00f3ricos na pr\u00e1tica cl\u00ednica? Enfoque na rela\u00e7\u00e3o entre PIO e progn\u00f3stico do glaucoma e nos diferentes m\u00e9todos dispon\u00edveis.<\/h6>\n    <span class=\"rounded d-block mb-4\" style=\"width:50px;height:3px;background-color:#72c98c;\"><\/span>\n    <p class=\"fw-bold m-0 pb-0 small\">Hor\u00e1rio: 10:45 \u2013 10:57h<\/p>\n    <p class=\"speaker mb-0\">Marcelo Sousa Nascimento<\/p>\n  <\/div>\n \n  <div class=\"bg-light border mb-2 p-4 rounded\">\n    <h6 class=\"fs-5 fw-bold text-primary\">Informa\u00e7\u00f5es essenciais no diagn\u00f3stico e manejo do glaucoma prim\u00e1rio de \u00e2ngulo fechado<\/h6>\n    <span class=\"rounded d-block mb-4\" style=\"width:50px;height:3px;background-color:#72c98c;\"><\/span>\n    <p class=\"fw-bold m-0 pb-0 small\">Hor\u00e1rio: 10:57 \u2013 11:09h<\/p>\n    <p class=\"speaker mb-0\">F\u00e1bio Nishimura Kanadani<\/p>\n  <\/div>\n \n  <div class=\"border mb-2 p-4 rounded sponsor\">\n    <h6 class=\"fs-5 fw-bold\">Inser\u00e7\u00e3o de V\u00eddeo Patrocinador \u2013 Farma 4 (Ofta)<\/h6>\n    <span class=\"rounded d-block mb-4\" style=\"width:50px;height:3px;background-color:#ffc107;\"><\/span>\n    <p class=\"fw-bold m-0 pb-0 small\">Hor\u00e1rio: 11:09 \u2013 11:10h<\/p>\n  <\/div>\n \n  <div class=\"border mb-2 p-4 rounded caso\">\n    <h6 class=\"fs-5 fw-bold\">Caso Cl\u00ednico 3: enfoque em tratamento inicial e mudan\u00e7a de tratamento<\/h6>\n    <span class=\"rounded d-block mb-4\" style=\"width:50px;height:3px;background-color:#e91e63;\"><\/span>\n    <p class=\"fw-bold m-0 pb-0 small\">Hor\u00e1rio: 11:10 \u2013 11:20h<\/p>\n    <p class=\"speaker mb-0\">Aline Ruppert<\/p>\n  <\/div>\n \n  <div class=\"border mb-2 p-4 rounded discussao bg-light\">\n    <h6 class=\"fs-5 fw-bold\" style=\"color:#33691e;\">Discuss\u00e3o \u2013 Caso Cl\u00ednico 3<\/h6>\n    <span class=\"rounded d-block mb-4\" style=\"width:50px;height:3px;background-color:#8bc34a;\"><\/span>\n    <p class=\"fw-bold m-0 pb-0 small\">Hor\u00e1rio: 11:20 \u2013 11:30h<\/p>\n    <p class=\"speaker mb-0\">Christine Sampaio Archanjo, F\u00e1bio Nishimura Kanadani, Hellmann Cavalcanti<\/p>\n  <\/div>\n \n  <!-- BLOCO 3 -->\n  <h4 class=\"fw-bold text-primary mt-5 mb-1\">BLOCO 3: TRATAMENTO CIR\u00daRGICO DO GLAUCOMA<\/h4>\n  <div class=\"subtitle-bar mb-2\"><\/div>\n  <p class=\"text-muted small mb-3\"><strong>Moderadores:<\/strong> Marcelo Sousa Nascimento e Fl\u00e1via Villas-Boas<\/p>\n \n  <div class=\"bg-light border mb-2 p-4 rounded\">\n    <h6 class=\"fs-5 fw-bold text-primary\">Qual o espa\u00e7o da trabeculectomia no manejo do glaucoma? O que eu preciso saber para um desfecho cir\u00fargico favor\u00e1vel?<\/h6>\n    <span class=\"rounded d-block mb-4\" style=\"width:50px;height:3px;background-color:#72c98c;\"><\/span>\n    <p class=\"fw-bold m-0 pb-0 small\">Hor\u00e1rio: 11:30 \u2013 11:42h<\/p>\n    <p class=\"speaker mb-0\">Augusto Paranhos Jr<\/p>\n  <\/div>\n \n  <div class=\"bg-light border mb-2 p-4 rounded\">\n    <h6 class=\"fs-5 fw-bold text-primary\">MIGS e MIBS: o que s\u00e3o e o que esperar de cada procedimento? &#8220;Hot topics&#8221; dos principais estudos.<\/h6>\n    <span class=\"rounded d-block mb-4\" style=\"width:50px;height:3px;background-color:#72c98c;\"><\/span>\n    <p class=\"fw-bold m-0 pb-0 small\">Hor\u00e1rio: 11:42 \u2013 11:54h<\/p>\n    <p class=\"speaker mb-0\">Tiago dos Santos Prata<\/p>\n  <\/div>\n \n  <div class=\"bg-light border mb-2 p-4 rounded\">\n    <h6 class=\"fs-5 fw-bold text-primary\">Atualiza\u00e7\u00e3o sobre cirurgia de implante de drenagem e o uso da ciclofotocoagula\u00e7\u00e3o (micropulsada e slow coagulation) no tratamento de glaucoma: Indica\u00e7\u00f5es, t\u00e9cnica e resultados.<\/h6>\n    <span class=\"rounded d-block mb-4\" style=\"width:50px;height:3px;background-color:#72c98c;\"><\/span>\n    <p class=\"fw-bold m-0 pb-0 small\">Hor\u00e1rio: 11:54 \u2013 12:06h<\/p>\n    <p class=\"speaker mb-0\">Marcelo Hatanaka<\/p>\n  <\/div>\n \n  <div class=\"bg-light border mb-2 p-4 rounded\">\n    <h6 class=\"fs-5 fw-bold text-primary\">Cirurgia de catarata em pacientes com glaucoma: como conduzir?<\/h6>\n    <span class=\"rounded d-block mb-4\" style=\"width:50px;height:3px;background-color:#72c98c;\"><\/span>\n    <p class=\"fw-bold m-0 pb-0 small\">Hor\u00e1rio: 12:06 \u2013 12:18h<\/p>\n    <p class=\"speaker mb-0\">Jayter Silva de Paula<\/p>\n  <\/div>\n \n  <div class=\"border mb-2 p-4 rounded painel\">\n    <h6 class=\"fs-5 fw-bold\">Painel: Glaucoma e Estilo de Vida<\/h6>\n    <span class=\"rounded d-block mb-4\" style=\"width:50px;height:3px;background-color:#3f51b5;\"><\/span>\n    <p class=\"fw-bold m-0 pb-0 small\">Hor\u00e1rio: 12:18 \u2013 12:38h<\/p>\n    <p class=\"speaker mb-0\"><strong>Moderadores:<\/strong> Carina Laiola de Sousa Correia e Roberto Murad Vessani<\/p>\n    <p class=\"speaker mb-0\"><strong>Painelistas:<\/strong> Fl\u00e1via da Silva Villas-Boas, Jayter Silva de Paula, Augusto Paranhos Jr, Tiago Prata<\/p>\n  <\/div>\n \n  <div class=\"border mb-2 p-4 rounded almoco\">\n    <h6 class=\"fs-5 fw-bold\">&#x1f37d;&#xfe0f; Almo\u00e7o<\/h6>\n    <span class=\"rounded d-block mb-4\" style=\"width:50px;height:3px;background-color:#1976d2;\"><\/span>\n    <p class=\"fw-bold m-0 pb-0 small\">Hor\u00e1rio: 12:38 \u2013 14:30h<\/p>\n  <\/div>\n \n  <!-- WORKSHOP -->\n  <h4 class=\"fw-bold text-primary mt-5 mb-1\">WORKSHOP<\/h4>\n  <div class=\"subtitle-bar mb-2\"><\/div>\n \n  <div class=\"border mb-2 p-4 rounded workshop\">\n    <h6 class=\"fs-5 fw-bold\">Workshop \u2013 Atividades Rotativas em Grupos<\/h6>\n    <span class=\"rounded d-block mb-4\" style=\"width:50px;height:3px;background-color:#9c27b0;\"><\/span>\n    <p class=\"fw-bold m-0 pb-0 small\">Hor\u00e1rio: 14:30 \u2013 17:00h<\/p>\n    <p class=\"speaker mb-1 mt-2\"><strong>Professores:<\/strong> Roberto Vessani, Augusto Paranhos Jr, Tiago dos Santos Prata, Marcelo Hatanaka, Jayter Silva de Paula, Vespasiano Nunes Rebou\u00e7as dos Santos, Fl\u00e1via Villas-Boas, Aline Ruppert, Christine Sampaio Archanjo, Marcelo Souza Nascimento, Flavio Lopes, Camila Netto, Fabio Kanadani, Hellmann Cavalcanti<\/p>\n    <p class=\"speaker mb-0 mt-2\">Participantes divididos em grupos com atividades rotativas de 30 minutos: Mesas redondas de discuss\u00e3o \u00b7 Demonstra\u00e7\u00e3o de aparelhos de diagn\u00f3stico e laser<\/p>\n  <\/div>\n","protected":false},"featured_media":0,"template":"","class_list":["post-10935","acf-eventos","type-acf-eventos","status-publish","hentry"],"acf":[],"yoast_head":"<!-- This site is optimized with the Yoast SEO plugin v27.5 - https:\/\/yoast.com\/product\/yoast-seo-wordpress\/ -->\n<title>Glaucoma Summit - Conex\u00f5es Regionais - SBG - Sociedade Brasileira de Glaucoma<\/title>\n<meta name=\"robots\" content=\"index, follow, max-snippet:-1, max-image-preview:large, max-video-preview:-1\" \/>\n<link rel=\"canonical\" href=\"https:\/\/www.sbglaucoma.org.br\/medico\/eventos\/glaucoma-summit-conexoes-regionais\/\" \/>\n<meta property=\"og:locale\" content=\"pt_BR\" \/>\n<meta property=\"og:type\" content=\"article\" \/>\n<meta property=\"og:title\" content=\"Glaucoma Summit - Conex\u00f5es Regionais - SBG - Sociedade Brasileira de Glaucoma\" \/>\n<meta property=\"og:description\" content=\"Coordena\u00e7\u00e3o: Programa\u00e7\u00e3o BLOCO 1: DIAGN\u00d3STICO E SEGUIMENTO DO GLAUCOMA Moderadores: Christine Sampaio Archanjo, Jayter Silva de Paula ABERTURA Hor\u00e1rio: 8:00 \u2013 8:05h Roberto Murad Vessani Avalia\u00e7\u00e3o do segmento anterior no glaucoma. Qual o melhor m\u00e9todo para avaliar o \u00e2ngulo? Ainda preciso realizar gonioscopia? Hor\u00e1rio: 8:05 \u2013 8:17h Fl\u00e1via da Silva Villas-Boas Como utilizar a retinografia [&hellip;]\" \/>\n<meta property=\"og:url\" content=\"https:\/\/www.sbglaucoma.org.br\/medico\/eventos\/glaucoma-summit-conexoes-regionais\/\" \/>\n<meta property=\"og:site_name\" content=\"SBG - Sociedade Brasileira de Glaucoma\" \/>\n<meta property=\"article:modified_time\" content=\"2026-03-30T12:07:32+00:00\" \/>\n<meta property=\"og:image\" content=\"https:\/\/www.sbglaucoma.org.br\/medico\/wp-content\/uploads\/2026\/03\/WhatsApp-Image-2026-03-02-at-16.38.13-1.jpeg\" \/>\n\t<meta property=\"og:image:width\" content=\"1430\" \/>\n\t<meta property=\"og:image:height\" content=\"554\" \/>\n\t<meta property=\"og:image:type\" content=\"image\/jpeg\" \/>\n<meta name=\"twitter:card\" content=\"summary_large_image\" \/>\n<meta name=\"twitter:label1\" content=\"Est. tempo de leitura\" \/>\n\t<meta name=\"twitter:data1\" content=\"4 minutos\" \/>\n<script type=\"application\/ld+json\" class=\"yoast-schema-graph\">{\"@context\":\"https:\\\/\\\/schema.org\",\"@graph\":[{\"@type\":\"WebPage\",\"@id\":\"https:\\\/\\\/www.sbglaucoma.org.br\\\/medico\\\/eventos\\\/glaucoma-summit-conexoes-regionais\\\/\",\"url\":\"https:\\\/\\\/www.sbglaucoma.org.br\\\/medico\\\/eventos\\\/glaucoma-summit-conexoes-regionais\\\/\",\"name\":\"Glaucoma Summit - Conex\u00f5es Regionais - SBG - Sociedade Brasileira de Glaucoma\",\"isPartOf\":{\"@id\":\"https:\\\/\\\/www.sbglaucoma.org.br\\\/medico\\\/#website\"},\"primaryImageOfPage\":{\"@id\":\"https:\\\/\\\/www.sbglaucoma.org.br\\\/medico\\\/eventos\\\/glaucoma-summit-conexoes-regionais\\\/#primaryimage\"},\"image\":{\"@id\":\"https:\\\/\\\/www.sbglaucoma.org.br\\\/medico\\\/eventos\\\/glaucoma-summit-conexoes-regionais\\\/#primaryimage\"},\"thumbnailUrl\":\"https:\\\/\\\/www.sbglaucoma.org.br\\\/medico\\\/wp-content\\\/uploads\\\/2026\\\/03\\\/WhatsApp-Image-2026-03-02-at-16.38.13-1-1024x397.jpeg\",\"datePublished\":\"2026-03-02T19:52:46+00:00\",\"dateModified\":\"2026-03-30T12:07:32+00:00\",\"breadcrumb\":{\"@id\":\"https:\\\/\\\/www.sbglaucoma.org.br\\\/medico\\\/eventos\\\/glaucoma-summit-conexoes-regionais\\\/#breadcrumb\"},\"inLanguage\":\"pt-BR\",\"potentialAction\":[{\"@type\":\"ReadAction\",\"target\":[\"https:\\\/\\\/www.sbglaucoma.org.br\\\/medico\\\/eventos\\\/glaucoma-summit-conexoes-regionais\\\/\"]}]},{\"@type\":\"ImageObject\",\"inLanguage\":\"pt-BR\",\"@id\":\"https:\\\/\\\/www.sbglaucoma.org.br\\\/medico\\\/eventos\\\/glaucoma-summit-conexoes-regionais\\\/#primaryimage\",\"url\":\"https:\\\/\\\/www.sbglaucoma.org.br\\\/medico\\\/wp-content\\\/uploads\\\/2026\\\/03\\\/WhatsApp-Image-2026-03-02-at-16.38.13-1.jpeg\",\"contentUrl\":\"https:\\\/\\\/www.sbglaucoma.org.br\\\/medico\\\/wp-content\\\/uploads\\\/2026\\\/03\\\/WhatsApp-Image-2026-03-02-at-16.38.13-1.jpeg\",\"width\":1430,\"height\":554},{\"@type\":\"BreadcrumbList\",\"@id\":\"https:\\\/\\\/www.sbglaucoma.org.br\\\/medico\\\/eventos\\\/glaucoma-summit-conexoes-regionais\\\/#breadcrumb\",\"itemListElement\":[{\"@type\":\"ListItem\",\"position\":1,\"name\":\"In\u00edcio\",\"item\":\"https:\\\/\\\/www.sbglaucoma.org.br\\\/medico\\\/\"},{\"@type\":\"ListItem\",\"position\":2,\"name\":\"Glaucoma Summit &#8211; Conex\u00f5es Regionais\"}]},{\"@type\":\"WebSite\",\"@id\":\"https:\\\/\\\/www.sbglaucoma.org.br\\\/medico\\\/#website\",\"url\":\"https:\\\/\\\/www.sbglaucoma.org.br\\\/medico\\\/\",\"name\":\"SBG - Sociedade Brasileira de Glaucoma\",\"description\":\"\",\"potentialAction\":[{\"@type\":\"SearchAction\",\"target\":{\"@type\":\"EntryPoint\",\"urlTemplate\":\"https:\\\/\\\/www.sbglaucoma.org.br\\\/medico\\\/?s={search_term_string}\"},\"query-input\":{\"@type\":\"PropertyValueSpecification\",\"valueRequired\":true,\"valueName\":\"search_term_string\"}}],\"inLanguage\":\"pt-BR\"}]}<\/script>\n<!-- \/ Yoast SEO plugin. -->","yoast_head_json":{"title":"Glaucoma Summit - Conex\u00f5es Regionais - SBG - Sociedade Brasileira de Glaucoma","robots":{"index":"index","follow":"follow","max-snippet":"max-snippet:-1","max-image-preview":"max-image-preview:large","max-video-preview":"max-video-preview:-1"},"canonical":"https:\/\/www.sbglaucoma.org.br\/medico\/eventos\/glaucoma-summit-conexoes-regionais\/","og_locale":"pt_BR","og_type":"article","og_title":"Glaucoma Summit - Conex\u00f5es Regionais - SBG - Sociedade Brasileira de Glaucoma","og_description":"Coordena\u00e7\u00e3o: Programa\u00e7\u00e3o BLOCO 1: DIAGN\u00d3STICO E SEGUIMENTO DO GLAUCOMA Moderadores: Christine Sampaio Archanjo, Jayter Silva de Paula ABERTURA Hor\u00e1rio: 8:00 \u2013 8:05h Roberto Murad Vessani Avalia\u00e7\u00e3o do segmento anterior no glaucoma. Qual o melhor m\u00e9todo para avaliar o \u00e2ngulo? Ainda preciso realizar gonioscopia? Hor\u00e1rio: 8:05 \u2013 8:17h Fl\u00e1via da Silva Villas-Boas Como utilizar a retinografia [&hellip;]","og_url":"https:\/\/www.sbglaucoma.org.br\/medico\/eventos\/glaucoma-summit-conexoes-regionais\/","og_site_name":"SBG - Sociedade Brasileira de Glaucoma","article_modified_time":"2026-03-30T12:07:32+00:00","og_image":[{"width":1430,"height":554,"url":"https:\/\/www.sbglaucoma.org.br\/medico\/wp-content\/uploads\/2026\/03\/WhatsApp-Image-2026-03-02-at-16.38.13-1.jpeg","type":"image\/jpeg"}],"twitter_card":"summary_large_image","twitter_misc":{"Est. tempo de leitura":"4 minutos"},"schema":{"@context":"https:\/\/schema.org","@graph":[{"@type":"WebPage","@id":"https:\/\/www.sbglaucoma.org.br\/medico\/eventos\/glaucoma-summit-conexoes-regionais\/","url":"https:\/\/www.sbglaucoma.org.br\/medico\/eventos\/glaucoma-summit-conexoes-regionais\/","name":"Glaucoma Summit - Conex\u00f5es Regionais - SBG - Sociedade Brasileira de Glaucoma","isPartOf":{"@id":"https:\/\/www.sbglaucoma.org.br\/medico\/#website"},"primaryImageOfPage":{"@id":"https:\/\/www.sbglaucoma.org.br\/medico\/eventos\/glaucoma-summit-conexoes-regionais\/#primaryimage"},"image":{"@id":"https:\/\/www.sbglaucoma.org.br\/medico\/eventos\/glaucoma-summit-conexoes-regionais\/#primaryimage"},"thumbnailUrl":"https:\/\/www.sbglaucoma.org.br\/medico\/wp-content\/uploads\/2026\/03\/WhatsApp-Image-2026-03-02-at-16.38.13-1-1024x397.jpeg","datePublished":"2026-03-02T19:52:46+00:00","dateModified":"2026-03-30T12:07:32+00:00","breadcrumb":{"@id":"https:\/\/www.sbglaucoma.org.br\/medico\/eventos\/glaucoma-summit-conexoes-regionais\/#breadcrumb"},"inLanguage":"pt-BR","potentialAction":[{"@type":"ReadAction","target":["https:\/\/www.sbglaucoma.org.br\/medico\/eventos\/glaucoma-summit-conexoes-regionais\/"]}]},{"@type":"ImageObject","inLanguage":"pt-BR","@id":"https:\/\/www.sbglaucoma.org.br\/medico\/eventos\/glaucoma-summit-conexoes-regionais\/#primaryimage","url":"https:\/\/www.sbglaucoma.org.br\/medico\/wp-content\/uploads\/2026\/03\/WhatsApp-Image-2026-03-02-at-16.38.13-1.jpeg","contentUrl":"https:\/\/www.sbglaucoma.org.br\/medico\/wp-content\/uploads\/2026\/03\/WhatsApp-Image-2026-03-02-at-16.38.13-1.jpeg","width":1430,"height":554},{"@type":"BreadcrumbList","@id":"https:\/\/www.sbglaucoma.org.br\/medico\/eventos\/glaucoma-summit-conexoes-regionais\/#breadcrumb","itemListElement":[{"@type":"ListItem","position":1,"name":"In\u00edcio","item":"https:\/\/www.sbglaucoma.org.br\/medico\/"},{"@type":"ListItem","position":2,"name":"Glaucoma Summit &#8211; Conex\u00f5es Regionais"}]},{"@type":"WebSite","@id":"https:\/\/www.sbglaucoma.org.br\/medico\/#website","url":"https:\/\/www.sbglaucoma.org.br\/medico\/","name":"SBG - Sociedade Brasileira de Glaucoma","description":"","potentialAction":[{"@type":"SearchAction","target":{"@type":"EntryPoint","urlTemplate":"https:\/\/www.sbglaucoma.org.br\/medico\/?s={search_term_string}"},"query-input":{"@type":"PropertyValueSpecification","valueRequired":true,"valueName":"search_term_string"}}],"inLanguage":"pt-BR"}]}},"_links":{"self":[{"href":"https:\/\/www.sbglaucoma.org.br\/medico\/wp-json\/wp\/v2\/acf-eventos\/10935","targetHints":{"allow":["GET"]}}],"collection":[{"href":"https:\/\/www.sbglaucoma.org.br\/medico\/wp-json\/wp\/v2\/acf-eventos"}],"about":[{"href":"https:\/\/www.sbglaucoma.org.br\/medico\/wp-json\/wp\/v2\/types\/acf-eventos"}],"wp:attachment":[{"href":"https:\/\/www.sbglaucoma.org.br\/medico\/wp-json\/wp\/v2\/media?parent=10935"}],"curies":[{"name":"wp","href":"https:\/\/api.w.org\/{rel}","templated":true}]}}